{"id":279,"date":"2017-03-24T10:31:23","date_gmt":"2017-03-24T09:31:23","guid":{"rendered":"http:\/\/alainpers.com\/gabarit\/?page_id=279"},"modified":"2017-06-03T10:58:03","modified_gmt":"2017-06-03T08:58:03","slug":"mentions-legales","status":"publish","type":"page","link":"https:\/\/alainpers.com\/fr\/mentions-legales\/","title":{"rendered":"Mentions l\u00e9gales"},"content":{"rendered":"<p><\/p>\n<h1>Mentions l\u00e9gales<\/h1>\n<h2>H\u00e9bergeur<\/h2>\n<p>Ce site est h\u00e9berg\u00e9 par la soci\u00e9t\u00e9 OVH.<\/p>\n<p>Contact :<br \/>\n2 rue Kellermann &#8211; 59100 Roubaix &#8211; France.<br \/>\nSAS au capital de 10 000 000 \u20ac<br \/>\nRCS Roubaix \u2013 Tourcoing 424 761 419 00045<br \/>\nCode APE 6202A<br \/>\nN\u00b0 TVA : FR 22 424 761 419<\/p>\n<h3>Editeur du site<\/h3>\n<p>Ce site est \u00e9dit\u00e9 par Alain PERSOUYRE.<\/p>\n<p>Si\u00e8ge social :<br \/>\nAlainpers &#8211; 80 rue Albert, 75013 &#8211; Paris<br \/>\nCourriel : alain [at] alainpers.com<br \/>\nTel : +33 6 70 73 68 31<\/p>\n<h3>Propri\u00e9t\u00e9 Intellectuelle<\/h3>\n<p>La structure g\u00e9n\u00e9rale, les textes, images anim\u00e9es ou non, les sons, les savoir-faire, les programmes et logiciels ainsi que tout autre \u00e9l\u00e9ment composant ce site sont la propri\u00e9t\u00e9 exclusive de l\u2019Editeur et sont prot\u00e9g\u00e9s par le droit d\u2019auteur.<\/p>\n<p>Toute repr\u00e9sentation totale ou partielle de ce site, par quelque proc\u00e9d\u00e9 que ce soit, sans l\u2019autorisation expresse de l\u2019Editeur est donc interdite et constituerait une contrefa\u00e7on. Les marques, noms commerciaux et logos figurant sur ce site sont des marques d\u00e9pos\u00e9es par leur propri\u00e9taire respectif. Toute reproduction totale ou partielle des marques ou logos, effectu\u00e9e \u00e0 partir des \u00e9l\u00e9ments du site, sans l\u2019autorisation expresse de leur propri\u00e9taire est donc prohib\u00e9e.<\/p>\n<h3>Donn\u00e9es personnelles<\/h3>\n<p>L\u2019utilisateur est inform\u00e9 que ses donn\u00e9es personnelles recueillies dans le cadre de l\u2019inscription sur le site font l\u2019objet d\u2019un traitement automatis\u00e9 par l\u2019\u00e9diteur. La loi 78-11 du 6 janvier 1978 relative \u00e0 l\u2019informatique, aux fichiers et aux libert\u00e9s s\u2019applique \u00e0 ces donn\u00e9es. Elle vous garantit un droit d\u2019acc\u00e8s et de rectification pour les donn\u00e9es vous concernant.<\/p>\n<p>Selon les articles 15 et 16 de la loi 78-17 du 6 janvier 1978 relative \u00e0 l\u2019informatique, aux fichiers et aux libert\u00e9s des informations contenues dans ce site peuvent \u00eatre modifiables par demande \u00e9crite par la personne concern\u00e9e par l\u2019information. Le droit d\u2019acc\u00e8s et de rectification portant sur les donn\u00e9es vous concernant peut \u00eatre exerc\u00e9 par courriel ou courrier aux adresses de contact indiqu\u00e9es ci-dessus.<\/p>\n<p>Les adresses email collect\u00e9es sont automatiquement envoy\u00e9s dans la base de donn\u00e9e de Mailchimp.<\/p>\n<h3>Statistiques d\u2019utilisation<\/h3>\n<p>Ce site utilise Google Analytics, un service d\u2019analyse de site internet fourni par Google Inc. (\u00ab Google \u00bb). Google Analytics utilise des cookies, qui sont des fichiers texte plac\u00e9s sur votre ordinateur, pour aider le site internet \u00e0 analyser l\u2019utilisation du site par ses utilisateurs.<\/p>\n<h3>Images<\/h3>\n<p>Les images utilis\u00e9es dans le site sont la propri\u00e9t\u00e9 de leur auteur.<br \/>\n\u00a9 Alainpers<\/p>\n<h3>Litige<\/h3>\n<p>Tout litige portant sur l\u2019interpr\u00e9tation ou l\u2019ex\u00e9cution des pr\u00e9sentes conditions sera de la comp\u00e9tence exclusive des Tribunaux fran\u00e7ais faisant application de la loi fran\u00e7aise.<\/p>\n<p>Pour toute question relative \u00e0 ce site internet, veuillez contacter Alainpers.<\/p>","protected":false},"excerpt":{"rendered":"<p>Mentions l\u00e9gales H\u00e9bergeur Ce site est h\u00e9berg\u00e9 par la soci\u00e9t\u00e9 OVH. Contact : 2 rue Kellermann &#8211; 59100 Roubaix &#8211; France. SAS au capital de 10 000 000 \u20ac RCS Roubaix \u2013 Tourcoing 424 761 419 00045 Code APE 6202A N\u00b0 TVA : FR 22 424 761 419 Editeur du site Ce site est \u00e9dit\u00e9 &hellip; <\/p>\n<p class=\"link-more\"><a href=\"https:\/\/alainpers.com\/fr\/mentions-legales\/\" class=\"more-link\">Continue reading<span class=\"screen-reader-text\"> \u00ab\u00a0Mentions l\u00e9gales\u00a0\u00bb<\/span><\/a><\/p>\n","protected":false},"author":1,"featured_media":0,"parent":0,"menu_order":0,"comment_status":"closed","ping_status":"closed","template":"","meta":[],"acf":[],"yoast_head":"<!-- This site is optimized with the Yoast SEO plugin v21.1 - https:\/\/yoast.com\/wordpress\/plugins\/seo\/ -->\n<title>Mentions l\u00e9gales - Alainpers | Artiste sculpteur du temps<\/title>\n<meta name=\"robots\" content=\"index, follow, max-snippet:-1, max-image-preview:large, max-video-preview:-1\" \/>\n<link rel=\"canonical\" href=\"https:\/\/alainpers.com\/fr\/mentions-legales\/\" \/>\n<meta property=\"og:locale\" content=\"fr_FR\" \/>\n<meta property=\"og:type\" content=\"article\" \/>\n<meta property=\"og:title\" content=\"Mentions l\u00e9gales - Alainpers | Artiste sculpteur du temps\" \/>\n<meta property=\"og:description\" content=\"Mentions l\u00e9gales H\u00e9bergeur Ce site est h\u00e9berg\u00e9 par la soci\u00e9t\u00e9 OVH. Contact : 2 rue Kellermann &#8211; 59100 Roubaix &#8211; France. SAS au capital de 10 000 000 \u20ac RCS Roubaix \u2013 Tourcoing 424 761 419 00045 Code APE 6202A N\u00b0 TVA : FR 22 424 761 419 Editeur du site Ce site est \u00e9dit\u00e9 &hellip; Continue reading &quot;Mentions l\u00e9gales&quot;\" \/>\n<meta property=\"og:url\" content=\"https:\/\/alainpers.com\/fr\/mentions-legales\/\" \/>\n<meta property=\"og:site_name\" content=\"Alainpers | Artiste sculpteur du temps\" \/>\n<meta property=\"article:modified_time\" content=\"2017-06-03T08:58:03+00:00\" \/>\n<meta name=\"twitter:card\" content=\"summary_large_image\" \/>\n<meta name=\"twitter:label1\" content=\"Dur\u00e9e de lecture estim\u00e9e\" \/>\n\t<meta name=\"twitter:data1\" content=\"2 minutes\" \/>\n<script type=\"application\/ld+json\" class=\"yoast-schema-graph\">{\"@context\":\"https:\/\/schema.org\",\"@graph\":[{\"@type\":\"WebPage\",\"@id\":\"https:\/\/alainpers.com\/fr\/mentions-legales\/\",\"url\":\"https:\/\/alainpers.com\/fr\/mentions-legales\/\",\"name\":\"Mentions l\u00e9gales - Alainpers | Artiste sculpteur du temps\",\"isPartOf\":{\"@id\":\"https:\/\/alainpers.com\/fr\/#website\"},\"datePublished\":\"2017-03-24T09:31:23+00:00\",\"dateModified\":\"2017-06-03T08:58:03+00:00\",\"breadcrumb\":{\"@id\":\"https:\/\/alainpers.com\/fr\/mentions-legales\/#breadcrumb\"},\"inLanguage\":\"fr-FR\",\"potentialAction\":[{\"@type\":\"ReadAction\",\"target\":[\"https:\/\/alainpers.com\/fr\/mentions-legales\/\"]}]},{\"@type\":\"BreadcrumbList\",\"@id\":\"https:\/\/alainpers.com\/fr\/mentions-legales\/#breadcrumb\",\"itemListElement\":[{\"@type\":\"ListItem\",\"position\":1,\"name\":\"Accueil\",\"item\":\"https:\/\/alainpers.com\/en\/\"},{\"@type\":\"ListItem\",\"position\":2,\"name\":\"Mentions l\u00e9gales\"}]},{\"@type\":\"WebSite\",\"@id\":\"https:\/\/alainpers.com\/fr\/#website\",\"url\":\"https:\/\/alainpers.com\/fr\/\",\"name\":\"Alainpers | Artiste sculpteur du temps\",\"description\":\"DE LA LUMI\u00c8RE EN MOUVEMENT NA\u00ceT LE TEMPS\",\"publisher\":{\"@id\":\"https:\/\/alainpers.com\/fr\/#organization\"},\"potentialAction\":[{\"@type\":\"SearchAction\",\"target\":{\"@type\":\"EntryPoint\",\"urlTemplate\":\"https:\/\/alainpers.com\/fr\/?s={search_term_string}\"},\"query-input\":\"required name=search_term_string\"}],\"inLanguage\":\"fr-FR\"},{\"@type\":\"Organization\",\"@id\":\"https:\/\/alainpers.com\/fr\/#organization\",\"name\":\"Alainpers | Artiste sculpteur du temps\",\"url\":\"https:\/\/alainpers.com\/fr\/\",\"logo\":{\"@type\":\"ImageObject\",\"inLanguage\":\"fr-FR\",\"@id\":\"https:\/\/alainpers.com\/fr\/#\/schema\/logo\/image\/\",\"url\":\"https:\/\/alainpers.com\/wp-content\/uploads\/2017\/05\/cropped-bg-apers-v2.png\",\"contentUrl\":\"https:\/\/alainpers.com\/wp-content\/uploads\/2017\/05\/cropped-bg-apers-v2.png\",\"width\":250,\"height\":250,\"caption\":\"Alainpers | Artiste sculpteur du temps\"},\"image\":{\"@id\":\"https:\/\/alainpers.com\/fr\/#\/schema\/logo\/image\/\"}}]}<\/script>\n<!-- \/ Yoast SEO plugin. -->","yoast_head_json":{"title":"Mentions l\u00e9gales - Alainpers | Artiste sculpteur du temps","robots":{"index":"index","follow":"follow","max-snippet":"max-snippet:-1","max-image-preview":"max-image-preview:large","max-video-preview":"max-video-preview:-1"},"canonical":"https:\/\/alainpers.com\/fr\/mentions-legales\/","og_locale":"fr_FR","og_type":"article","og_title":"Mentions l\u00e9gales - Alainpers | Artiste sculpteur du temps","og_description":"Mentions l\u00e9gales H\u00e9bergeur Ce site est h\u00e9berg\u00e9 par la soci\u00e9t\u00e9 OVH. Contact : 2 rue Kellermann &#8211; 59100 Roubaix &#8211; France. SAS au capital de 10 000 000 \u20ac RCS Roubaix \u2013 Tourcoing 424 761 419 00045 Code APE 6202A N\u00b0 TVA : FR 22 424 761 419 Editeur du site Ce site est \u00e9dit\u00e9 &hellip; Continue reading \"Mentions l\u00e9gales\"","og_url":"https:\/\/alainpers.com\/fr\/mentions-legales\/","og_site_name":"Alainpers | Artiste sculpteur du temps","article_modified_time":"2017-06-03T08:58:03+00:00","twitter_card":"summary_large_image","twitter_misc":{"Dur\u00e9e de lecture estim\u00e9e":"2 minutes"},"schema":{"@context":"https:\/\/schema.org","@graph":[{"@type":"WebPage","@id":"https:\/\/alainpers.com\/fr\/mentions-legales\/","url":"https:\/\/alainpers.com\/fr\/mentions-legales\/","name":"Mentions l\u00e9gales - Alainpers | Artiste sculpteur du temps","isPartOf":{"@id":"https:\/\/alainpers.com\/fr\/#website"},"datePublished":"2017-03-24T09:31:23+00:00","dateModified":"2017-06-03T08:58:03+00:00","breadcrumb":{"@id":"https:\/\/alainpers.com\/fr\/mentions-legales\/#breadcrumb"},"inLanguage":"fr-FR","potentialAction":[{"@type":"ReadAction","target":["https:\/\/alainpers.com\/fr\/mentions-legales\/"]}]},{"@type":"BreadcrumbList","@id":"https:\/\/alainpers.com\/fr\/mentions-legales\/#breadcrumb","itemListElement":[{"@type":"ListItem","position":1,"name":"Accueil","item":"https:\/\/alainpers.com\/en\/"},{"@type":"ListItem","position":2,"name":"Mentions l\u00e9gales"}]},{"@type":"WebSite","@id":"https:\/\/alainpers.com\/fr\/#website","url":"https:\/\/alainpers.com\/fr\/","name":"Alainpers | Artiste sculpteur du temps","description":"DE LA LUMI\u00c8RE EN MOUVEMENT NA\u00ceT LE TEMPS","publisher":{"@id":"https:\/\/alainpers.com\/fr\/#organization"},"potentialAction":[{"@type":"SearchAction","target":{"@type":"EntryPoint","urlTemplate":"https:\/\/alainpers.com\/fr\/?s={search_term_string}"},"query-input":"required name=search_term_string"}],"inLanguage":"fr-FR"},{"@type":"Organization","@id":"https:\/\/alainpers.com\/fr\/#organization","name":"Alainpers | Artiste sculpteur du temps","url":"https:\/\/alainpers.com\/fr\/","logo":{"@type":"ImageObject","inLanguage":"fr-FR","@id":"https:\/\/alainpers.com\/fr\/#\/schema\/logo\/image\/","url":"https:\/\/alainpers.com\/wp-content\/uploads\/2017\/05\/cropped-bg-apers-v2.png","contentUrl":"https:\/\/alainpers.com\/wp-content\/uploads\/2017\/05\/cropped-bg-apers-v2.png","width":250,"height":250,"caption":"Alainpers | Artiste sculpteur du temps"},"image":{"@id":"https:\/\/alainpers.com\/fr\/#\/schema\/logo\/image\/"}}]}},"_links":{"self":[{"href":"https:\/\/alainpers.com\/fr\/wp-json\/wp\/v2\/pages\/279"}],"collection":[{"href":"https:\/\/alainpers.com\/fr\/wp-json\/wp\/v2\/pages"}],"about":[{"href":"https:\/\/alainpers.com\/fr\/wp-json\/wp\/v2\/types\/page"}],"author":[{"embeddable":true,"href":"https:\/\/alainpers.com\/fr\/wp-json\/wp\/v2\/users\/1"}],"replies":[{"embeddable":true,"href":"https:\/\/alainpers.com\/fr\/wp-json\/wp\/v2\/comments?post=279"}],"version-history":[{"count":0,"href":"https:\/\/alainpers.com\/fr\/wp-json\/wp\/v2\/pages\/279\/revisions"}],"wp:attachment":[{"href":"https:\/\/alainpers.com\/fr\/wp-json\/wp\/v2\/media?parent=279"}],"curies":[{"name":"wp","href":"https:\/\/api.w.org\/{rel}","templated":true}]}}